{"version":"1.0","provider_name":"All4Camper","provider_url":"https:\/\/all4camper.com\/cs\/","author_name":"Kl\u00e1ra H\u00e1jkov\u00e1","author_url":"https:\/\/all4camper.com\/cs\/author\/klarinkacestuje1\/","title":"Jak b\u00fdt v karavanu energeticky nez\u00e1visl\u00fd - All4Camper","type":"rich","width":600,"height":338,"html":"<blockquote class=\"wp-embedded-content\" data-secret=\"1pdLbvKJLk\"><a href=\"https:\/\/all4camper.com\/cs\/jak-byt-v-karavanu-energeticky-nezavisly\/\">Jak b\u00fdt v karavanu energeticky nez\u00e1visl\u00fd<\/a><\/blockquote><iframe sandbox=\"allow-scripts\" security=\"restricted\" src=\"https:\/\/all4camper.com\/cs\/jak-byt-v-karavanu-energeticky-nezavisly\/embed\/#?secret=1pdLbvKJLk\" width=\"600\" height=\"338\" title=\"&#8222;Jak b\u00fdt v karavanu energeticky nez\u00e1visl\u00fd&#8220; &#8212; All4Camper\" data-secret=\"1pdLbvKJLk\" frameborder=\"0\" marginwidth=\"0\" marginheight=\"0\" scrolling=\"no\" class=\"wp-embedded-content\"><\/iframe><script type=\"text\/javascript\">\n\/* <![CDATA[ *\/\n\/*! This file is auto-generated *\/\n!function(d,l){\"use strict\";l.querySelector&&d.addEventListener&&\"undefined\"!=typeof URL&&(d.wp=d.wp||{},d.wp.receiveEmbedMessage||(d.wp.receiveEmbedMessage=function(e){var t=e.data;if((t||t.secret||t.message||t.value)&&!\/[^a-zA-Z0-9]\/.test(t.secret)){for(var s,r,n,a=l.querySelectorAll('iframe[data-secret=\"'+t.secret+'\"]'),o=l.querySelectorAll('blockquote[data-secret=\"'+t.secret+'\"]'),c=new RegExp(\"^https?:$\",\"i\"),i=0;i<o.length;i++)o[i].style.display=\"none\";for(i=0;i<a.length;i++)s=a[i],e.source===s.contentWindow&&(s.removeAttribute(\"style\"),\"height\"===t.message?(1e3<(r=parseInt(t.value,10))?r=1e3:~~r<200&&(r=200),s.height=r):\"link\"===t.message&&(r=new URL(s.getAttribute(\"src\")),n=new URL(t.value),c.test(n.protocol))&&n.host===r.host&&l.activeElement===s&&(d.top.location.href=t.value))}},d.addEventListener(\"message\",d.wp.receiveEmbedMessage,!1),l.addEventListener(\"DOMContentLoaded\",function(){for(var e,t,s=l.querySelectorAll(\"iframe.wp-embedded-content\"),r=0;r<s.length;r++)(t=(e=s[r]).getAttribute(\"data-secret\"))||(t=Math.random().toString(36).substring(2,12),e.src+=\"#?secret=\"+t,e.setAttribute(\"data-secret\",t)),e.contentWindow.postMessage({message:\"ready\",secret:t},\"*\")},!1)))}(window,document);\n\/\/# sourceURL=https:\/\/all4camper.com\/wp-includes\/js\/wp-embed.min.js\n\/* ]]> *\/\n<\/script>\n","thumbnail_url":"https:\/\/all4camper.com\/wp-content\/uploads\/2022\/01\/vizual-FB-640x360-1.jpg","thumbnail_width":640,"thumbnail_height":360,"description":"Pro\u010d je v\u00fdhodn\u00e9 m\u00edt v\u00a0obytn\u00e9m voze booster? Jak v\u00fdkonn\u00e9 sol\u00e1rn\u00ed panely pot\u0159ebujete do sv\u00e9ho obytn\u00e9ho auta? Pro\u010d se nelze spol\u00e9hat jen na sol\u00e1rn\u00ed panely? Pro\u010d nem\u00e1 Tom\u00e1\u0161 Brabec r\u00e1d elektrocentr\u00e1ly? Jak funguje Efoy? A bez \u010deho se neobejde energeticky sob\u011bsta\u010dn\u00e9 obytn\u00e9 vozidlo? A v\u00edte, jak baterii spr\u00e1vn\u011b vyb\u00edt? O tom v\u0161em jsme si pov\u00eddali v podcastu Studio Karavan."}